{"id":5677,"date":"2025-02-18T14:27:22","date_gmt":"2025-02-18T13:27:22","guid":{"rendered":"https:\/\/hobekielkartea.eus\/?page_id=5677"},"modified":"2025-02-18T17:51:46","modified_gmt":"2025-02-18T16:51:46","slug":"cursos-2025","status":"publish","type":"page","link":"https:\/\/hobekielkartea.eus\/es\/cursos-2025\/","title":{"rendered":"CURSOS 2025"},"content":{"rendered":"\t\t<div data-elementor-type=\"wp-page\" data-elementor-id=\"5677\" class=\"elementor elementor-5677\">\n\t\t\t\t<div class=\"elementor-element elementor-element-6b0bbd9 e-con-full e-flex e-con e-parent\" data-id=\"6b0bbd9\" data-element_type=\"container\" data-settings=\"{&quot;background_background&quot;:&quot;classic&quot;,&quot;shape_divider_bottom&quot;:&quot;clouds&quot;}\">\n\t\t\t\t<div class=\"elementor-shape elementor-shape-bottom\" aria-hidden=\"true\" data-negative=\"false\">\n\t\t\t<svg xmlns=\"http:\/\/www.w3.org\/2000\/svg\" viewBox=\"0 0 283.5 27.8\" preserveAspectRatio=\"xMidYMax slice\">\n  <path class=\"elementor-shape-fill\" d=\"M0 0v6.7c1.9-.8 4.7-1.4 8.5-1 9.5 1.1 11.1 6 11.1 6s2.1-.7 4.3-.2c2.1.5 2.8 2.6 2.8 2.6s.2-.5 1.4-.7c1.2-.2 1.7.2 1.7.2s0-2.1 1.9-2.8c1.9-.7 3.6.7 3.6.7s.7-2.9 3.1-4.1 4.7 0 4.7 0 1.2-.5 2.4 0 1.7 1.4 1.7 1.4h1.4c.7 0 1.2.7 1.2.7s.8-1.8 4-2.2c3.5-.4 5.3 2.4 6.2 4.4.4-.4 1-.7 1.8-.9 2.8-.7 4 .7 4 .7s1.7-5 11.1-6c9.5-1.1 12.3 3.9 12.3 3.9s1.2-4.8 5.7-5.7c4.5-.9 6.8 1.8 6.8 1.8s.6-.6 1.5-.9c.9-.2 1.9-.2 1.9-.2s5.2-6.4 12.6-3.3c7.3 3.1 4.7 9 4.7 9s1.9-.9 4 0 2.8 2.4 2.8 2.4 1.9-1.2 4.5-1.2 4.3 1.2 4.3 1.2.2-1 1.4-1.7 2.1-.7 2.1-.7-.5-3.1 2.1-5.5 5.7-1.4 5.7-1.4 1.5-2.3 4.2-1.1c2.7 1.2 1.7 5.2 1.7 5.2s.3-.1 1.3.5c.5.4.8.8.9 1.1.5-1.4 2.4-5.8 8.4-4 7.1 2.1 3.5 8.9 3.5 8.9s.8-.4 2 0 1.1 1.1 1.1 1.1 1.1-1.1 2.3-1.1 2.1.5 2.1.5 1.9-3.6 6.2-1.2 1.9 6.4 1.9 6.4 2.6-2.4 7.4 0c3.4 1.7 3.9 4.9 3.9 4.9s3.3-6.9 10.4-7.9 11.5 2.6 11.5 2.6.8 0 1.2.2c.4.2.9.9.9.9s4.4-3.1 8.3.2c1.9 1.7 1.5 5 1.5 5s.3-1.1 1.6-1.4c1.3-.3 2.3.2 2.3.2s-.1-1.2.5-1.9 1.9-.9 1.9-.9-4.7-9.3 4.4-13.4c5.6-2.5 9.2.9 9.2.9s5-6.2 15.9-6.2 16.1 8.1 16.1 8.1.7-.2 1.6-.4V0H0z\"\/>\n<\/svg>\n\t\t<\/div>\n\t\t\t\t<div class=\"elementor-element elementor-element-837f1e6 elementor-widget elementor-widget-heading\" data-id=\"837f1e6\" data-element_type=\"widget\" data-widget_type=\"heading.default\">\n\t\t\t\t<div class=\"elementor-widget-container\">\n\t\t\t\t\t<h2 class=\"elementor-heading-title elementor-size-default\">CURSOS 2025<\/h2>\t\t\t\t<\/div>\n\t\t\t\t<\/div>\n\t\t\t\t<div class=\"elementor-element elementor-element-af38fa9 elementor-widget elementor-widget-text-editor\" data-id=\"af38fa9\" data-element_type=\"widget\" data-widget_type=\"text-editor.default\">\n\t\t\t\t<div class=\"elementor-widget-container\">\n\t\t\t\t\t\t\t\t\t<p>Durante el a\u00f1o 2025 HOBEKI impartir\u00e1, de la mano de la fundaci\u00f3n Rezero, dos cursos sobre reducci\u00f3n y reutilizaci\u00f3n de residuos.<\/p>\t\t\t\t\t\t\t\t<\/div>\n\t\t\t\t<\/div>\n\t\t\t\t<div class=\"elementor-element elementor-element-1675a9b elementor-align-center elementor-hidden-mobile elementor-widget elementor-widget-button\" data-id=\"1675a9b\" data-element_type=\"widget\" data-widget_type=\"button.default\">\n\t\t\t\t<div class=\"elementor-widget-container\">\n\t\t\t\t\t\t\t\t\t<div class=\"elementor-button-wrapper\">\n\t\t\t\t\t<a class=\"elementor-button elementor-button-link elementor-size-sm\" href=\"https:\/\/hobekielkartea.eus\/2025-ikastaroak\/#inscripcion\">\n\t\t\t\t\t\t<span class=\"elementor-button-content-wrapper\">\n\t\t\t\t\t\t\t\t\t<span class=\"elementor-button-text\">INSCRIPCI\u00d3N<\/span>\n\t\t\t\t\t<\/span>\n\t\t\t\t\t<\/a>\n\t\t\t\t<\/div>\n\t\t\t\t\t\t\t\t<\/div>\n\t\t\t\t<\/div>\n\t\t\t\t<\/div>\n\t\t<div class=\"elementor-element elementor-element-c82db93 e-con-full e-flex e-con e-parent\" data-id=\"c82db93\" data-element_type=\"container\">\n\t\t<div class=\"elementor-element elementor-element-d78300f e-con-full e-flex e-con e-child\" data-id=\"d78300f\" data-element_type=\"container\">\n\t\t\t\t<div class=\"elementor-element elementor-element-9dc3b96 elementor-widget elementor-widget-heading\" data-id=\"9dc3b96\" data-element_type=\"widget\" data-widget_type=\"heading.default\">\n\t\t\t\t<div class=\"elementor-widget-container\">\n\t\t\t\t\t<h2 class=\"elementor-heading-title elementor-size-default\">1.<\/h2>\t\t\t\t<\/div>\n\t\t\t\t<\/div>\n\t\t\t\t<div class=\"elementor-element elementor-element-55e7732 elementor-widget elementor-widget-heading\" data-id=\"55e7732\" data-element_type=\"widget\" data-widget_type=\"heading.default\">\n\t\t\t\t<div class=\"elementor-widget-container\">\n\t\t\t\t\t<h4 class=\"elementor-heading-title elementor-size-default\">Normativas locales de prevenci\u00f3n y reutilizaci\u00f3n: el municipio como agente tractor del cambio<\/h4>\t\t\t\t<\/div>\n\t\t\t\t<\/div>\n\t\t<div class=\"elementor-element elementor-element-c431d44 e-con-full e-flex e-con e-child\" data-id=\"c431d44\" data-element_type=\"container\">\n\t\t\t\t<div class=\"elementor-element elementor-element-353c3df elementor-widget elementor-widget-heading\" data-id=\"353c3df\" data-element_type=\"widget\" data-widget_type=\"heading.default\">\n\t\t\t\t<div class=\"elementor-widget-container\">\n\t\t\t\t\t<h4 class=\"elementor-heading-title elementor-size-default\">OBJETIVO:<\/h4>\t\t\t\t<\/div>\n\t\t\t\t<\/div>\n\t\t\t\t<div class=\"elementor-element elementor-element-b1e5d3e elementor-widget elementor-widget-text-editor\" data-id=\"b1e5d3e\" data-element_type=\"widget\" data-widget_type=\"text-editor.default\">\n\t\t\t\t<div class=\"elementor-widget-container\">\n\t\t\t\t\t\t\t\t\t<p>Identificar y esbozar una serie de propuestas legislativas municipales que permitan materializar la prevenci\u00f3n y la reutilizaci\u00f3n en base a las competencias de los municipios.<\/p>\t\t\t\t\t\t\t\t<\/div>\n\t\t\t\t<\/div>\n\t\t\t\t<div class=\"elementor-element elementor-element-f0fb8d4 elementor-widget elementor-widget-heading\" data-id=\"f0fb8d4\" data-element_type=\"widget\" data-widget_type=\"heading.default\">\n\t\t\t\t<div class=\"elementor-widget-container\">\n\t\t\t\t\t<h4 class=\"elementor-heading-title elementor-size-default\">CONTENIDOS:<\/h4>\t\t\t\t<\/div>\n\t\t\t\t<\/div>\n\t\t\t\t<div class=\"elementor-element elementor-element-aa36597 elementor-widget elementor-widget-text-editor\" data-id=\"aa36597\" data-element_type=\"widget\" data-widget_type=\"text-editor.default\">\n\t\t\t\t<div class=\"elementor-widget-container\">\n\t\t\t\t\t\t\t\t\t<p>\u2022 Normativa estatal prevenci\u00f3n y reutilizaci\u00f3n<br \/>\u2022 Normativa Euskal Herria \/ Municipios<br \/>\u2022 Analisis barreras y oportunidades<br \/>\u2022 Analisis competencia municipal<br \/>\u2022 Cocreaci\u00f3n de propuesta normativa desde el municipio<br \/>\u2022 Analisis de impacto<br \/>\u2022 Consenso de las propuestas<\/p>\t\t\t\t\t\t\t\t<\/div>\n\t\t\t\t<\/div>\n\t\t\t\t<\/div>\n\t\t\t\t<\/div>\n\t\t<div class=\"elementor-element elementor-element-a0dc501 e-con-full e-flex e-con e-child\" data-id=\"a0dc501\" data-element_type=\"container\">\n\t\t\t\t<div class=\"elementor-element elementor-element-7f8910a elementor-widget elementor-widget-heading\" data-id=\"7f8910a\" data-element_type=\"widget\" data-widget_type=\"heading.default\">\n\t\t\t\t<div class=\"elementor-widget-container\">\n\t\t\t\t\t<h2 class=\"elementor-heading-title elementor-size-default\">2.<\/h2>\t\t\t\t<\/div>\n\t\t\t\t<\/div>\n\t\t\t\t<div class=\"elementor-element elementor-element-c38662e elementor-widget elementor-widget-heading\" data-id=\"c38662e\" data-element_type=\"widget\" data-widget_type=\"heading.default\">\n\t\t\t\t<div class=\"elementor-widget-container\">\n\t\t\t\t\t<h4 class=\"elementor-heading-title elementor-size-default\">Elaboraci\u00f3n del dec\u00e1logo de prevenci\u00f3n y reutilizaci\u00f3n municipal<\/h4>\t\t\t\t<\/div>\n\t\t\t\t<\/div>\n\t\t<div class=\"elementor-element elementor-element-e132460 e-con-full e-flex e-con e-child\" data-id=\"e132460\" data-element_type=\"container\">\n\t\t\t\t<div class=\"elementor-element elementor-element-6dfcb02 elementor-widget elementor-widget-heading\" data-id=\"6dfcb02\" data-element_type=\"widget\" data-widget_type=\"heading.default\">\n\t\t\t\t<div class=\"elementor-widget-container\">\n\t\t\t\t\t<h4 class=\"elementor-heading-title elementor-size-default\">OBJETIVO:<\/h4>\t\t\t\t<\/div>\n\t\t\t\t<\/div>\n\t\t\t\t<div class=\"elementor-element elementor-element-88cdee2 elementor-widget elementor-widget-text-editor\" data-id=\"88cdee2\" data-element_type=\"widget\" data-widget_type=\"text-editor.default\">\n\t\t\t\t<div class=\"elementor-widget-container\">\n\t\t\t\t\t\t\t\t\t<p>Identificar y establecer de forma colectiva un conjunto de medidas y acciones de prevenci\u00f3n y reutilizaci\u00f3n aplicables por parte de los entes locales que ayuden a transicionar de forma efectiva hacia el residuo cero.<\/p>\t\t\t\t\t\t\t\t<\/div>\n\t\t\t\t<\/div>\n\t\t\t\t<div class=\"elementor-element elementor-element-2f6de21 elementor-widget elementor-widget-heading\" data-id=\"2f6de21\" data-element_type=\"widget\" data-widget_type=\"heading.default\">\n\t\t\t\t<div class=\"elementor-widget-container\">\n\t\t\t\t\t<h4 class=\"elementor-heading-title elementor-size-default\">CONTENIDOS:<\/h4>\t\t\t\t<\/div>\n\t\t\t\t<\/div>\n\t\t\t\t<div class=\"elementor-element elementor-element-70fa3fb elementor-widget elementor-widget-text-editor\" data-id=\"70fa3fb\" data-element_type=\"widget\" data-widget_type=\"text-editor.default\">\n\t\t\t\t<div class=\"elementor-widget-container\">\n\t\t\t\t\t\t\t\t\t<p>\u2022 Buenas pr\u00e1cticas de prevenci\u00f3n y reutilizaci\u00f3n: \u00bfQu\u00e9 estamos haciendo en los municipios? \u00bfQu\u00e9 impacto? \u00bfA qui\u00e9n implica?<br \/>\u2022 Analisis barreras y oportunidades<br \/>\u2022 Marco competencial de prevenci\u00f3n y reutilizaci\u00f3n de los entes locales<br \/>\u2022 Mapeo de actores e infraestructuras de prevenci\u00f3n y reutilizaci\u00f3n: \u00bfQu\u00e9 tenemos en los municipios?\u00bfQu\u00e9 agentes pueden intervenir?<br \/>\u2022 Identificaci\u00f3n de palancas de cambio<br \/>\u2022 Consenso de prop\u00f9estas<br \/>\u2022 Elecci\u00f3n de las medidas del cat\u00e1logo<\/p>\t\t\t\t\t\t\t\t<\/div>\n\t\t\t\t<\/div>\n\t\t\t\t<\/div>\n\t\t\t\t<\/div>\n\t\t\t\t<\/div>\n\t\t<div class=\"elementor-element elementor-element-b761526 e-flex e-con-boxed e-con e-parent\" data-id=\"b761526\" data-element_type=\"container\" data-settings=\"{&quot;background_background&quot;:&quot;classic&quot;,&quot;shape_divider_top&quot;:&quot;triangle-asymmetrical&quot;,&quot;shape_divider_top_negative&quot;:&quot;yes&quot;,&quot;shape_divider_bottom&quot;:&quot;triangle-asymmetrical&quot;,&quot;shape_divider_bottom_negative&quot;:&quot;yes&quot;}\">\n\t\t\t\t\t<div class=\"e-con-inner\">\n\t\t\t\t<div class=\"elementor-shape elementor-shape-top\" aria-hidden=\"true\" data-negative=\"true\">\n\t\t\t<svg xmlns=\"http:\/\/www.w3.org\/2000\/svg\" viewBox=\"0 0 1000 100\" preserveAspectRatio=\"none\">\n\t<path class=\"elementor-shape-fill\" d=\"M737.9,94.7L0,0v100h1000V0L737.9,94.7z\"\/>\n<\/svg>\t\t<\/div>\n\t\t\t\t<div class=\"elementor-shape elementor-shape-bottom\" aria-hidden=\"true\" data-negative=\"true\">\n\t\t\t<svg xmlns=\"http:\/\/www.w3.org\/2000\/svg\" viewBox=\"0 0 1000 100\" preserveAspectRatio=\"none\">\n\t<path class=\"elementor-shape-fill\" d=\"M737.9,94.7L0,0v100h1000V0L737.9,94.7z\"\/>\n<\/svg>\t\t<\/div>\n\t\t\t\t<div class=\"elementor-element elementor-element-9a621d6 elementor-widget elementor-widget-heading\" data-id=\"9a621d6\" data-element_type=\"widget\" data-widget_type=\"heading.default\">\n\t\t\t\t<div class=\"elementor-widget-container\">\n\t\t\t\t\t<h2 class=\"elementor-heading-title elementor-size-default\">INFORMACI\u00d3N<\/h2>\t\t\t\t<\/div>\n\t\t\t\t<\/div>\n\t\t\t\t<div class=\"elementor-element elementor-element-1831ec1 elementor-widget elementor-widget-text-editor\" data-id=\"1831ec1\" data-element_type=\"widget\" data-widget_type=\"text-editor.default\">\n\t\t\t\t<div class=\"elementor-widget-container\">\n\t\t\t\t\t\t\t\t\t<p>\u2022 Cada curso constar\u00e1 de 6 sesiones, una cada mes.<\/p><p>\u2022 El curso se impartir\u00e1 los viernes de 8:30 a 10:30.<\/p><p>\u2022 Las sesiones ser\u00e1n en castellano.<\/p><p>\u2022 La inscripci\u00f3n puede realizarse en un curso o en los dos.<\/p><p>\u2022 El curso ser\u00e1 gratuito para entidades o ayuntamientos miembros de HOBEKI y para aquellas instituciones que quieran adherirse a HOBEKI.<\/p><p>\u2022 El coste para los que no son miembros de HOBEKI: 450 \u20ac por un curso, 650 \u20ac por los dos cursos.<\/p><p>* Si en el mismo curso hay m\u00e1s de una persona interesada de la misma instituci\u00f3n o ayuntamiento, se pagar\u00e1 50 \u20ac por cada persona adicional.<\/p><div id=\"translation_text\">\u00a0<\/div><p style=\"text-align: right; padding-left: 40px;\">\u00a0<\/p>\t\t\t\t\t\t\t\t<\/div>\n\t\t\t\t<\/div>\n\t\t\t\t\t<\/div>\n\t\t\t\t<\/div>\n\t\t<div class=\"elementor-element elementor-element-d86fc47 e-flex e-con-boxed e-con e-parent\" data-id=\"d86fc47\" data-element_type=\"container\">\n\t\t\t\t\t<div class=\"e-con-inner\">\n\t\t\t\t<div class=\"elementor-element elementor-element-72a1c04 elementor-widget elementor-widget-text-editor\" data-id=\"72a1c04\" data-element_type=\"widget\" data-widget_type=\"text-editor.default\">\n\t\t\t\t<div class=\"elementor-widget-container\">\n\t\t\t\t\t\t\t\t\t<a name=\"inscripcion\"><\/a>\t\t\t\t\t\t\t\t<\/div>\n\t\t\t\t<\/div>\n\t\t\t\t<div class=\"elementor-element elementor-element-562b9f5 elementor-widget elementor-widget-shortcode\" data-id=\"562b9f5\" data-element_type=\"widget\" data-widget_type=\"shortcode.default\">\n\t\t\t\t<div class=\"elementor-widget-container\">\n\t\t\t\t\t\t\t<div class=\"elementor-shortcode\"><div class=\"forminator-ui forminator-custom-form forminator-custom-form-5557 forminator-design--flat  forminator_ajax\" data-forminator-render=\"0\" data-form=\"forminator-module-5557\" data-uid=\"69f2afacc984f\"><br\/><\/div><form\n\t\t\t\tid=\"forminator-module-5557\"\n\t\t\t\tclass=\"forminator-ui forminator-custom-form forminator-custom-form-5557 forminator-design--flat  forminator_ajax\"\n\t\t\t\tmethod=\"post\"\n\t\t\t\tdata-forminator-render=\"0\"\n\t\t\t\tdata-form-id=\"5557\"\n\t\t\t\t data-color-option=\"default\" data-design=\"flat\" data-grid=\"open\" style=\"display: none;\"\n\t\t\t\tdata-uid=\"69f2afacc984f\"\n\t\t\t><div role=\"alert\" aria-live=\"polite\" class=\"forminator-response-message forminator-error\" aria-hidden=\"true\"><\/div><div class=\"forminator-row\"><div id=\"name-1\" class=\"forminator-field-name forminator-col forminator-col-12 \"><div class=\"forminator-field\"><label for=\"forminator-field-name-1_69f2afacc984f\" id=\"forminator-field-name-1_69f2afacc984f-label\" class=\"forminator-label\">Izen-abizenak \/ Nombre y apellidos <span class=\"forminator-required\">*<\/span><\/label><input type=\"text\" name=\"name-1\" value=\"\" placeholder=\"Adbz: Jon Agirre\" id=\"forminator-field-name-1_69f2afacc984f\" class=\"forminator-input forminator-name--field\" aria-required=\"true\" autocomplete=\"name\" \/><\/div><\/div><\/div><div class=\"forminator-row\"><div id=\"text-1\" class=\"forminator-field-text forminator-col forminator-col-12 \"><div class=\"forminator-field\"><label for=\"forminator-field-text-1_69f2afacc984f\" id=\"forminator-field-text-1_69f2afacc984f-label\" class=\"forminator-label\">Toki erakundea \/ Instituci\u00f3n local <span class=\"forminator-required\">*<\/span><\/label><input type=\"text\" name=\"text-1\" value=\"\" placeholder=\"Adbz.: Ayuntamiento, mancomunidad...\" id=\"forminator-field-text-1_69f2afacc984f\" class=\"forminator-input forminator-name--field\" data-required=\"1\" \/><\/div><\/div><\/div><div class=\"forminator-row\"><div id=\"radio-1\" class=\"forminator-field-radio forminator-col forminator-col-12 \"><div role=\"radiogroup\" class=\"forminator-field\" aria-labelledby=\"forminator-radiogroup-radio-1-69f2afacc984f-label\"><span id=\"forminator-radiogroup-radio-1-69f2afacc984f-label\" class=\"forminator-label\">HOBEKIko kide al da? \/ \u00bfEs miembro de HOBEKI? <span class=\"forminator-required\">*<\/span><\/span><label id=\"forminator-field-radio-1-label-1\" for=\"forminator-field-radio-1-1-69f2afacc984f\" class=\"forminator-radio\" title=\"Bai \/ Si\"><input type=\"radio\" name=\"radio-1\" value=\"one\" id=\"forminator-field-radio-1-1-69f2afacc984f\" aria-labelledby=\"forminator-field-radio-1-label-1\" data-calculation=\"0\"   data-hidden-behavior=\"zero\"\/><span class=\"forminator-radio-bullet\" aria-hidden=\"true\"><\/span><span class=\"forminator-radio-label\">Bai \/ Si<\/span><\/label><label id=\"forminator-field-radio-1-label-2\" for=\"forminator-field-radio-1-2-69f2afacc984f\" class=\"forminator-radio\" title=\"Ez \/ No\"><input type=\"radio\" name=\"radio-1\" value=\"two\" id=\"forminator-field-radio-1-2-69f2afacc984f\" aria-labelledby=\"forminator-field-radio-1-label-2\" data-calculation=\"0\"   data-hidden-behavior=\"zero\"\/><span class=\"forminator-radio-bullet\" aria-hidden=\"true\"><\/span><span class=\"forminator-radio-label\">Ez \/ No<\/span><\/label><label id=\"forminator-field-radio-1-label-3\" for=\"forminator-field-radio-1-3-69f2afacc984f\" class=\"forminator-radio\" title=\"Izateko asmoa daukat \/ Tengo intenci\u00f3n de formar parte\"><input type=\"radio\" name=\"radio-1\" value=\"Izateko-asmoa-daukat---Tengo-intenci\" id=\"forminator-field-radio-1-3-69f2afacc984f\" aria-labelledby=\"forminator-field-radio-1-label-3\" data-calculation=\"0\"   data-hidden-behavior=\"zero\"\/><span class=\"forminator-radio-bullet\" aria-hidden=\"true\"><\/span><span class=\"forminator-radio-label\">Izateko asmoa daukat \/ Tengo intenci\u00f3n de formar parte<\/span><\/label><\/div><\/div><\/div><div class=\"forminator-row\"><div id=\"html-1\" class=\"forminator-field-html forminator-col forminator-col-12 \"><div class=\"forminator-field forminator-merge-tags\" data-field=\"html-1\"><label class=\"forminator-label\">FAKTURA\/ FACTURA<\/label><p>Faborez, bete ondorengo puntuak faktura osatzeko \/ Por favor, rellena los siguientes campos para que podamos elaborar la factura.<\/p><\/div><\/div><\/div><div class=\"forminator-row\"><div id=\"html-2\" class=\"forminator-field-html forminator-col forminator-col-12 \"><div class=\"forminator-field forminator-merge-tags\" data-field=\"html-2\"><label class=\"forminator-label\">NOLA IZAN KIDE \/ C\u00d3MO SER MIEMBRO<\/label><p>Kasu honetan eskatuko da, 2025eko azaroa baino lehen, kide izateko erabakia irmoa izatea eta ofizialki eskaera aurkeztuta egotea. Data horretan lehen urratsak egin ez badira, parte-hartzaileari prestakuntzaren faktura izapidetuko zaio. Informazio gehiagorako idatzi info@hobekielkartea.eus<\/p>\n<p>*En este caso se exigir\u00e1, antes de noviembre de 2025, que la decisi\u00f3n de pertenencia sea firme y que la solicitud haya sido presentada oficialmente. Si en esa fecha no se han dado los primeros pasos, al participante se le tramitar\u00e1 la factura de la formaci\u00f3n. Para m\u00e1s informaci\u00f3n, escribir a: info@hobekielkartea.eus<\/p><\/div><\/div><\/div><div class=\"forminator-row\"><div id=\"text-3\" class=\"forminator-field-text forminator-col forminator-col-12 \"><div class=\"forminator-field\"><label for=\"forminator-field-text-3_69f2afacc984f\" id=\"forminator-field-text-3_69f2afacc984f-label\" class=\"forminator-label\">Izen soziala \/ Raz\u00f3n Social <span class=\"forminator-required\">*<\/span><\/label><input type=\"text\" name=\"text-3\" value=\"\" placeholder=\"Adbz.: Ayuntamiento de Abaroa\" id=\"forminator-field-text-3_69f2afacc984f\" class=\"forminator-input forminator-name--field\" data-required=\"1\" \/><\/div><\/div><\/div><div class=\"forminator-row\"><div id=\"text-4\" class=\"forminator-field-text forminator-col forminator-col-12 \"><div class=\"forminator-field\"><label for=\"forminator-field-text-4_69f2afacc984f\" id=\"forminator-field-text-4_69f2afacc984f-label\" class=\"forminator-label\">IFK \/ CIF <span class=\"forminator-required\">*<\/span><\/label><input type=\"text\" name=\"text-4\" value=\"\" placeholder=\"P.ej:. 00000000F\" id=\"forminator-field-text-4_69f2afacc984f\" class=\"forminator-input forminator-name--field\" data-required=\"1\" \/><\/div><\/div><\/div><div class=\"forminator-row\"><div id=\"text-5\" class=\"forminator-field-text forminator-col forminator-col-12 \"><div class=\"forminator-field\"><label for=\"forminator-field-text-5_69f2afacc984f\" id=\"forminator-field-text-5_69f2afacc984f-label\" class=\"forminator-label\">Helbidea \/ Direcci\u00f3n <span class=\"forminator-required\">*<\/span><\/label><input type=\"text\" name=\"text-5\" value=\"\" placeholder=\"\" id=\"forminator-field-text-5_69f2afacc984f\" class=\"forminator-input forminator-name--field\" data-required=\"1\" \/><\/div><\/div><\/div><div class=\"forminator-row\"><div id=\"text-2\" class=\"forminator-field-text forminator-col forminator-col-12 \"><div class=\"forminator-field\"><label for=\"forminator-field-text-2_69f2afacc984f\" id=\"forminator-field-text-2_69f2afacc984f-label\" class=\"forminator-label\">Kargua \/ Cargo <span class=\"forminator-required\">*<\/span><\/label><input type=\"text\" name=\"text-2\" value=\"\" placeholder=\"Adbz.: Alcalde, concejal, t\u00e9cnico...\" id=\"forminator-field-text-2_69f2afacc984f\" class=\"forminator-input forminator-name--field\" data-required=\"1\" \/><\/div><\/div><\/div><div class=\"forminator-row\"><div id=\"email-1\" class=\"forminator-field-email forminator-col forminator-col-12 \"><div class=\"forminator-field\"><label for=\"forminator-field-email-1_69f2afacc984f\" id=\"forminator-field-email-1_69f2afacc984f-label\" class=\"forminator-label\">Eposta \/ Email <span class=\"forminator-required\">*<\/span><\/label><input type=\"email\" name=\"email-1\" value=\"\" placeholder=\"Adbz.: jonagirre@hobekielkartea.eus\" id=\"forminator-field-email-1_69f2afacc984f\" class=\"forminator-input forminator-email--field\" data-required=\"1\" aria-required=\"true\" autocomplete=\"email\" \/><\/div><\/div><\/div><div class=\"forminator-row\"><div id=\"phone-1\" class=\"forminator-field-phone forminator-col forminator-col-12 \"><div class=\"forminator-field\"><label for=\"forminator-field-phone-1_69f2afacc984f\" id=\"forminator-field-phone-1_69f2afacc984f-label\" class=\"forminator-label\">Telefono znbk. \/ Tel\u00e9fono<\/label><input type=\"text\" name=\"phone-1\" value=\"\" placeholder=\"Adbz.: 000 000 000\" id=\"forminator-field-phone-1_69f2afacc984f\" class=\"forminator-input forminator-field--phone\" data-required=\"\" aria-required=\"false\" autocomplete=\"off\" \/><\/div><\/div><\/div><div class=\"forminator-row\"><div id=\"checkbox-1\" class=\"forminator-field-checkbox forminator-col forminator-col-12 \"><div role=\"group\" class=\"forminator-field\" aria-labelledby=\"forminator-checkbox-group-forminator-field-checkbox-1-69f2afacc984f-label\"><span id=\"forminator-checkbox-group-forminator-field-checkbox-1-69f2afacc984f-label\" class=\"forminator-label\">Zein ikastarotan eman nahi duzu izena? | \u00bfEn qu\u00e9 curso quieres apuntarte?<\/span><label id=\"forminator-field-checkbox-1-1-69f2afacc984f-label\" for=\"forminator-field-checkbox-1-1-69f2afacc984f\" class=\"forminator-checkbox\" title=\"Prebentzioko eta berrerabilpeneko tokiko araudiak: udalerria aldaketaren eragile gisa |  Normativas locales de prevenci\u00f3n y reutilizaci\u00f3n: el municipio como agente tractor del cambio\"><input type=\"checkbox\" name=\"checkbox-1[]\" value=\"one\" id=\"forminator-field-checkbox-1-1-69f2afacc984f\" aria-labelledby=\"forminator-field-checkbox-1-1-69f2afacc984f-label\" data-calculation=\"0\"   data-hidden-behavior=\"zero\"\/><span class=\"forminator-checkbox-box\" aria-hidden=\"true\"><\/span><span class=\"forminator-checkbox-label\">Prebentzioko eta berrerabilpeneko tokiko araudiak: udalerria aldaketaren eragile gisa |  Normativas locales de prevenci\u00f3n y reutilizaci\u00f3n: el municipio como agente tractor del cambio<\/span><\/label><label id=\"forminator-field-checkbox-1-2-69f2afacc984f-label\" for=\"forminator-field-checkbox-1-2-69f2afacc984f\" class=\"forminator-checkbox\" title=\"Udaletan hondakinen prebentzioa eta berrerabiltzea gauzatzeko dekalogoa osatzea |  Elaboraci\u00f3n de un dec\u00e1logo de acciones para la prevenci\u00f3n y reutilizaci\u00f3n de residuos en los ayuntamientos\"><input type=\"checkbox\" name=\"checkbox-1[]\" value=\"two\" id=\"forminator-field-checkbox-1-2-69f2afacc984f\" aria-labelledby=\"forminator-field-checkbox-1-2-69f2afacc984f-label\" data-calculation=\"0\"   data-hidden-behavior=\"zero\"\/><span class=\"forminator-checkbox-box\" aria-hidden=\"true\"><\/span><span class=\"forminator-checkbox-label\">Udaletan hondakinen prebentzioa eta berrerabiltzea gauzatzeko dekalogoa osatzea |  Elaboraci\u00f3n de un dec\u00e1logo de acciones para la prevenci\u00f3n y reutilizaci\u00f3n de residuos en los ayuntamientos<\/span><\/label><\/div><\/div><\/div><input type=\"hidden\" name=\"referer_url\" value=\"\" \/><div class=\"forminator-row forminator-row-last\"><div class=\"forminator-col\"><div class=\"forminator-field\"><button class=\"forminator-button forminator-button-submit\">Inscribirse<\/button><\/div><\/div><\/div><input type=\"hidden\" id=\"forminator_nonce\" name=\"forminator_nonce\" value=\"31374f1a82\" \/><input type=\"hidden\" name=\"_wp_http_referer\" value=\"\/es\/wp-json\/wp\/v2\/pages\/5677\" \/><input type=\"hidden\" name=\"form_id\" value=\"5557\"><input type=\"hidden\" name=\"page_id\" value=\"5677\"><input type=\"hidden\" name=\"form_type\" value=\"default\"><input type=\"hidden\" name=\"current_url\" value=\"https:\/\/hobekielkartea.eus\/es\/cursos-2025\/\"><input type=\"hidden\" name=\"render_id\" value=\"0\"><input type=\"hidden\" name=\"action\" value=\"forminator_submit_form_custom-forms\"><\/form><\/div>\n\t\t\t\t\t\t<\/div>\n\t\t\t\t<\/div>\n\t\t\t\t\t<\/div>\n\t\t\t\t<\/div>\n\t\t\t\t<\/div>\n\t\t","protected":false},"excerpt":{"rendered":"<p>CURSOS 2025 Durante el a\u00f1o 2025 HOBEKI impartir\u00e1, de la mano de la fundaci\u00f3n Rezero, dos cursos sobre reducci\u00f3n y reutilizaci\u00f3n de residuos. INSCRIPCI\u00d3N 1. Normativas locales de prevenci\u00f3n y reutilizaci\u00f3n: el municipio como agente tractor del cambio OBJETIVO: Identificar y esbozar una serie de propuestas legislativas municipales que permitan materializar la prevenci\u00f3n y la reutilizaci\u00f3n&#8230;<\/p>\n","protected":false},"author":1,"featured_media":0,"parent":0,"menu_order":64,"comment_status":"closed","ping_status":"closed","template":"elementor_header_footer","meta":{"footnotes":""},"class_list":["post-5677","page","type-page","status-publish","hentry"],"aioseo_notices":[],"_links":{"self":[{"href":"https:\/\/hobekielkartea.eus\/es\/wp-json\/wp\/v2\/pages\/5677","targetHints":{"allow":["GET"]}}],"collection":[{"href":"https:\/\/hobekielkartea.eus\/es\/wp-json\/wp\/v2\/pages"}],"about":[{"href":"https:\/\/hobekielkartea.eus\/es\/wp-json\/wp\/v2\/types\/page"}],"author":[{"embeddable":true,"href":"https:\/\/hobekielkartea.eus\/es\/wp-json\/wp\/v2\/users\/1"}],"replies":[{"embeddable":true,"href":"https:\/\/hobekielkartea.eus\/es\/wp-json\/wp\/v2\/comments?post=5677"}],"version-history":[{"count":16,"href":"https:\/\/hobekielkartea.eus\/es\/wp-json\/wp\/v2\/pages\/5677\/revisions"}],"predecessor-version":[{"id":5719,"href":"https:\/\/hobekielkartea.eus\/es\/wp-json\/wp\/v2\/pages\/5677\/revisions\/5719"}],"wp:attachment":[{"href":"https:\/\/hobekielkartea.eus\/es\/wp-json\/wp\/v2\/media?parent=5677"}],"curies":[{"name":"wp","href":"https:\/\/api.w.org\/{rel}","templated":true}]}}